{"id":14,"date":"2021-12-27T10:06:14","date_gmt":"2021-12-27T10:06:14","guid":{"rendered":"https:\/\/kumite.lt\/?page_id=14"},"modified":"2023-01-17T17:56:04","modified_gmt":"2023-01-17T17:56:04","slug":"pasiekimai","status":"publish","type":"page","link":"https:\/\/kumite.lt\/index.php\/pasiekimai\/","title":{"rendered":"Pasiekimai"},"content":{"rendered":"\t\t<div data-elementor-type=\"wp-page\" data-elementor-id=\"14\" class=\"elementor elementor-14\" data-elementor-settings=\"[]\">\n\t\t\t\t\t\t<div class=\"elementor-inner\">\n\t\t\t\t\t\t\t<div class=\"elementor-section-wrap\">\n\t\t\t\t\t\t\t<section class=\"elementor-section elementor-top-section elementor-element elementor-element-48a35b8f elementor-section-boxed elementor-section-height-default elementor-section-height-default\" data-id=\"48a35b8f\" data-element_type=\"section\" data-settings=\"{&quot;background_background&quot;:&quot;classic&quot;}\">\n\t\t\t\t\t\t\t<div class=\"elementor-background-overlay\"><\/div>\n\t\t\t\t\t\t\t<div class=\"elementor-container elementor-column-gap-default\">\n\t\t\t\t\t\t\t<div class=\"elementor-row\">\n\t\t\t\t\t<div class=\"elementor-column elementor-col-100 elementor-top-column elementor-element elementor-element-3a6bbadc\" data-id=\"3a6bbadc\" data-element_type=\"column\" data-settings=\"{&quot;background_background&quot;:&quot;classic&quot;}\">\n\t\t\t<div class=\"elementor-column-wrap elementor-element-populated\">\n\t\t\t\t\t\t\t<div class=\"elementor-widget-wrap\">\n\t\t\t\t\t\t<div class=\"elementor-element elementor-element-33d5e456 elementor-widget elementor-widget-heading\" data-id=\"33d5e456\" data-element_type=\"widget\" data-widget_type=\"heading.default\">\n\t\t\t\t<div class=\"elementor-widget-container\">\n\t\t\t<h2 class=\"elementor-heading-title elementor-size-default\">Pasiekimai<\/h2>\t\t<\/div>\n\t\t\t\t<\/div>\n\t\t\t\t\t\t<\/div>\n\t\t\t\t\t<\/div>\n\t\t<\/div>\n\t\t\t\t\t\t\t\t<\/div>\n\t\t\t\t\t<\/div>\n\t\t<\/section>\n\t\t\t\t<section class=\"elementor-section elementor-top-section elementor-element elementor-element-7239eba8 elementor-section-boxed elementor-section-height-default elementor-section-height-default\" data-id=\"7239eba8\" data-element_type=\"section\" data-settings=\"{&quot;background_background&quot;:&quot;classic&quot;}\">\n\t\t\t\t\t\t<div class=\"elementor-container elementor-column-gap-default\">\n\t\t\t\t\t\t\t<div class=\"elementor-row\">\n\t\t\t\t\t<div class=\"elementor-column elementor-col-100 elementor-top-column elementor-element elementor-element-eaf780e\" data-id=\"eaf780e\" data-element_type=\"column\">\n\t\t\t<div class=\"elementor-column-wrap elementor-element-populated\">\n\t\t\t\t\t\t\t<div class=\"elementor-widget-wrap\">\n\t\t\t\t\t\t<div class=\"elementor-element elementor-element-1586187 elementor-widget elementor-widget-text-editor\" data-id=\"1586187\" data-element_type=\"widget\" data-widget_type=\"text-editor.default\">\n\t\t\t\t<div class=\"elementor-widget-container\">\n\t\t\t\t\t\t\t\t<div class=\"elementor-text-editor elementor-clearfix\">\n\t\t\t\t<ul><li><strong><u>Norbertas Lisauskas<\/u><\/strong><\/li><\/ul><p>Daugkartinis Lietuvos vaik\u0173, jauni\u0173, jaunimo, suaugusi\u0173j\u0173 \u010dempionas ir prizininkas.<\/p><p>Europos jauni\u0173 vice\u010dempionas.<\/p><p>Europos jaunimo vice\u010dempionas.<\/p><p>Pasaulio \u010dempionato V-VIII vietos laim\u0117tojas.<\/p><ul><li><strong><u>Art\u016bras \u010cekanavi\u010dius:<\/u><\/strong><\/li><\/ul><p>2012 m. U22 Europos Shinkyokushin Karate \u010dempionas<\/p><p>2012 m. Lietuvos Kyokushin Karate Jaunimo \u010cempionas<\/p><p>2013 m. Lietuvos Kyokushin Karate Taur\u0117s Var\u017eyb\u0173 \u010cempionas<\/p><ul><li><strong><u>Benas \u010cekanavi\u010dius:<\/u><\/strong><\/li><\/ul><p>2017 m. Open Belgian Shinkyokushin Full Contact Karate Championship 3-os vietos laim\u0117tojas<\/p><p>2019 m. Lietuvos Kyokushin Karate \u010cempionato daugkartinis Vice \u010cempionas<\/p><p>2019 m. Lietuvos Kyokushin Karate Taur\u0117s Taur\u0117s 3-os vietos laim\u0117jotas<\/p><p>2019 m. Karate Kyokushin Baltijos Taur\u0117s 3-ios vietos laim\u0117tojas<\/p><ul><li><strong><u>Karolina Dar\u010danova:<\/u><\/strong><\/li><\/ul><p>2013 Europos U22 absoliu\u010diam svoryje 3 vieta<\/p><p>2015 Europos U22 absoliu\u010diam svoryje 2 vieta<\/p><ul><li><strong><u>Antanas Klibavi\u010dius:<\/u><\/strong><\/li><\/ul><p>Daukartinis Lietuvos Kyokushin Karate \u010cempionas ir prizininkas.<\/p><p>2011 m .Branko Bosniako Turnyro Kroatijoje Vice\u010cempionas<\/p><p>2012 m. Lietuvos Jaunimo \u010cempionato 3-os vietos laim\u0117tojas<\/p><p>2013 m. Branko Bosniako Turnyro Kroatijoje \u010cempionas<\/p><p>2014 m. Kokoro Cup Lenkijoje 3-ios vietos laim\u0117tojas<\/p><p>2015 m. Pasaulio Atviro \u010cempionato Top 32<\/p><p>2017 m. KWU Europos \u010cempionas<\/p><p>2016 m. Diamond Cup Belgijoje \u010cempionas<\/p><p>2017 m. Belgijos Atviro \u010cempionato \u010cempionas<\/p><p>2018 m. Europos Kyokushin Karate 3-os vietos laim\u0117tojas<\/p><p>2019 m. Pilno Kontakto Europos Kyokushin Karate \u010cempionato 3-os vietos laim\u0117tojas<\/p><p>2019 m. Pasaulio Atviro \u010cempionato Dalyvis<\/p><p>2020 m. Geriausias neolimpini\u0173 sporto \u0161ak\u0173 Jonavos miesto sportininkas<\/p><p>2021 m. Lietuvos \u010dempiopnatas \u2013 2 vieta.<\/p><p>2021 m. Europos Open \u010cempionato Vice\u010dempionas<\/p><ul><li><strong><u>Osvaldas Bal\u010dius:<\/u><\/strong><\/li><\/ul><p>Lietuvos moksleivi\u0173 \u010dempionas<\/p><p>Lietuvos jauni\u0173 daugkartinis vice\u010dempionas<\/p><p>Lietuvos taur\u0117s jauni\u0173 \u010dempionas<\/p><p>Europos jauni\u0173 vice\u010dempionas<\/p><p>Lietuvos suaugusiuj\u0173 \u010dempionat\u0173 prizininkas<\/p><ul><li><strong><u>Gediminas Cvykas:<\/u><\/strong><\/li><\/ul><p>2021 m. Europos Kyokushin Karate jaunimo Vice\u010dempionas<\/p><p>2020 m. Lietuvos Kyokushin Karate Suaugusi\u0173 Vice\u010dempionas<\/p><p>2019 m. Europos jauni\u0173 vice\u010dempionas<\/p><p>Lietuvos Kyokushin Karate \u010cempionat\u0173 daugkartinis prizininkas<\/p><p>Tarptautini\u0173 Var\u017eyb\u0173 Baltic Cup ir Kaunas Open \u010dempionas<\/p><p>2022 m. Europos U20 Karate \u010dempionas<\/p><ul><li><strong><u>Nikita Mitiulin:<\/u><\/strong><\/li><\/ul><p>2016-2017m. Lietuvos Kyokushin Karate KATA\u00a0 \u010cempionas<\/p><p>2016m. Lietuvos Kyokushin Karate vaik\u0173 \u010cempionas<\/p><p>2017-2020m. Lietuvos Kyokushin Karate Jaunu\u010di\u0173 \u010cempionas<\/p><p>2020m. Europos Klub\u0173 KATA Taur\u0117s 3-os vietos laim\u0117tojas<\/p><p>2020m. Jonavos Jaunasis Sportininkas<\/p><ul><li><strong><u>Michail Mitiulin:<\/u><\/strong><\/li><\/ul><p>2020m. Lietuvos Kyokushin Karate KATA \u010cempionas<\/p><p>2017m. Lietuvos Kyokushin Karate KATA 3-os vietos laim\u0117tojas<\/p><p>2016m. Vakar\u0173 Lietuvos Taur\u0117s Vice\u010dempionas<\/p><p>2016m. Vidurio Lietuvos Taur\u0117s\u00a0 \u010cempionas<\/p><p>2017m. Tarptautinio Kyokushin Karate Baltic Cup Turnyro \u010cempionas<\/p><p>2021m. Lietuvos Moksleivi\u0173 Taur\u0117s Vice\u010dempionas<\/p><p>2022m. Europos U16 Karate vice\u010dempionas<\/p>\t\t\t\t\t<\/div>\n\t\t\t\t\t\t<\/div>\n\t\t\t\t<\/div>\n\t\t\t\t<div class=\"elementor-element elementor-element-b757875 elementor-widget elementor-widget-gallery\" data-id=\"b757875\" data-element_type=\"widget\" data-settings=\"{&quot;lazyload&quot;:&quot;yes&quot;,&quot;gallery_layout&quot;:&quot;grid&quot;,&quot;columns&quot;:4,&quot;columns_tablet&quot;:2,&quot;columns_mobile&quot;:1,&quot;gap&quot;:{&quot;unit&quot;:&quot;px&quot;,&quot;size&quot;:10,&quot;sizes&quot;:[]},&quot;gap_tablet&quot;:{&quot;unit&quot;:&quot;px&quot;,&quot;size&quot;:10,&quot;sizes&quot;:[]},&quot;gap_mobile&quot;:{&quot;unit&quot;:&quot;px&quot;,&quot;size&quot;:10,&quot;sizes&quot;:[]},&quot;link_to&quot;:&quot;file&quot;,&quot;aspect_ratio&quot;:&quot;3:2&quot;,&quot;overlay_background&quot;:&quot;yes&quot;,&quot;content_hover_animation&quot;:&quot;fade-in&quot;}\" data-widget_type=\"gallery.default\">\n\t\t\t\t<div class=\"elementor-widget-container\">\n\t\t\t\t\t<div class=\"elementor-gallery__container\">\n\t\t\t\t\t\t\t<a class=\"e-gallery-item elementor-gallery-item elementor-animated-content\" href=\"https:\/\/kumite.lt\/wp-content\/uploads\/2021\/12\/the-studio-shot-of-group-of-kids-training-karate-m-2021-08-26-17-41-51-utc-scaled.jpg\" data-elementor-open-lightbox=\"yes\" data-elementor-lightbox-slideshow=\"all-b757875\" data-elementor-lightbox-title=\"The studio shot of group of kids training karate martial arts\" e-action-hash=\"#elementor-action%3Aaction%3Dlightbox%26settings%3DeyJpZCI6MjQsInVybCI6Imh0dHBzOlwvXC9rdW1pdGUubHRcL3dwLWNvbnRlbnRcL3VwbG9hZHNcLzIwMjFcLzEyXC90aGUtc3R1ZGlvLXNob3Qtb2YtZ3JvdXAtb2Yta2lkcy10cmFpbmluZy1rYXJhdGUtbS0yMDIxLTA4LTI2LTE3LTQxLTUxLXV0Yy1zY2FsZWQuanBnIiwic2xpZGVzaG93IjoiYWxsLWI3NTc4NzUifQ%3D%3D\">\n\t\t\t\t\t<div class=\"e-gallery-image elementor-gallery-item__image\" data-thumbnail=\"https:\/\/kumite.lt\/wp-content\/uploads\/2021\/12\/the-studio-shot-of-group-of-kids-training-karate-m-2021-08-26-17-41-51-utc-scaled.jpg\" data-width=\"2560\" data-height=\"1707\" alt=\"\" ><\/div>\n\t\t\t\t\t\t\t\t\t\t\t<div class=\"elementor-gallery-item__overlay\"><\/div>\n\t\t\t\t\t\t\t\t\t\t\t\t\t\t<\/a>\n\t\t\t\t\t\t\t<a class=\"e-gallery-item elementor-gallery-item elementor-animated-content\" href=\"https:\/\/kumite.lt\/wp-content\/uploads\/2021\/12\/woman-performing-martial-arts-high-kick-at-fight-c-2021-08-29-01-35-55-utc-scaled.jpg\" data-elementor-open-lightbox=\"yes\" data-elementor-lightbox-slideshow=\"all-b757875\" data-elementor-lightbox-title=\"Woman performing martial arts high kick at fight class.\" e-action-hash=\"#elementor-action%3Aaction%3Dlightbox%26settings%3DeyJpZCI6MjUsInVybCI6Imh0dHBzOlwvXC9rdW1pdGUubHRcL3dwLWNvbnRlbnRcL3VwbG9hZHNcLzIwMjFcLzEyXC93b21hbi1wZXJmb3JtaW5nLW1hcnRpYWwtYXJ0cy1oaWdoLWtpY2stYXQtZmlnaHQtYy0yMDIxLTA4LTI5LTAxLTM1LTU1LXV0Yy1zY2FsZWQuanBnIiwic2xpZGVzaG93IjoiYWxsLWI3NTc4NzUifQ%3D%3D\">\n\t\t\t\t\t<div class=\"e-gallery-image elementor-gallery-item__image\" data-thumbnail=\"https:\/\/kumite.lt\/wp-content\/uploads\/2021\/12\/woman-performing-martial-arts-high-kick-at-fight-c-2021-08-29-01-35-55-utc-scaled.jpg\" data-width=\"2560\" data-height=\"1709\" alt=\"\" ><\/div>\n\t\t\t\t\t\t\t\t\t\t\t<div class=\"elementor-gallery-item__overlay\"><\/div>\n\t\t\t\t\t\t\t\t\t\t\t\t\t\t<\/a>\n\t\t\t\t\t\t\t<a class=\"e-gallery-item elementor-gallery-item elementor-animated-content\" href=\"https:\/\/kumite.lt\/wp-content\/uploads\/2021\/12\/martial-arts-master-on-fight-training-in-gym-2021-08-26-16-26-04-utc-scaled.jpg\" data-elementor-open-lightbox=\"yes\" data-elementor-lightbox-slideshow=\"all-b757875\" data-elementor-lightbox-title=\"Martial arts master on fight training in gym\" e-action-hash=\"#elementor-action%3Aaction%3Dlightbox%26settings%3DeyJpZCI6MjYsInVybCI6Imh0dHBzOlwvXC9rdW1pdGUubHRcL3dwLWNvbnRlbnRcL3VwbG9hZHNcLzIwMjFcLzEyXC9tYXJ0aWFsLWFydHMtbWFzdGVyLW9uLWZpZ2h0LXRyYWluaW5nLWluLWd5bS0yMDIxLTA4LTI2LTE2LTI2LTA0LXV0Yy1zY2FsZWQuanBnIiwic2xpZGVzaG93IjoiYWxsLWI3NTc4NzUifQ%3D%3D\">\n\t\t\t\t\t<div class=\"e-gallery-image elementor-gallery-item__image\" data-thumbnail=\"https:\/\/kumite.lt\/wp-content\/uploads\/2021\/12\/martial-arts-master-on-fight-training-in-gym-2021-08-26-16-26-04-utc-scaled.jpg\" data-width=\"2560\" data-height=\"1709\" alt=\"\" ><\/div>\n\t\t\t\t\t\t\t\t\t\t\t<div class=\"elementor-gallery-item__overlay\"><\/div>\n\t\t\t\t\t\t\t\t\t\t\t\t\t\t<\/a>\n\t\t\t\t\t\t\t<a class=\"e-gallery-item elementor-gallery-item elementor-animated-content\" href=\"https:\/\/kumite.lt\/wp-content\/uploads\/2021\/12\/martial-art-2021-09-01-18-45-10-utc-scaled.jpg\" data-elementor-open-lightbox=\"yes\" data-elementor-lightbox-slideshow=\"all-b757875\" data-elementor-lightbox-title=\"martial-art-2021-09-01-18-45-10-utc\" e-action-hash=\"#elementor-action%3Aaction%3Dlightbox%26settings%3DeyJpZCI6MjcsInVybCI6Imh0dHBzOlwvXC9rdW1pdGUubHRcL3dwLWNvbnRlbnRcL3VwbG9hZHNcLzIwMjFcLzEyXC9tYXJ0aWFsLWFydC0yMDIxLTA5LTAxLTE4LTQ1LTEwLXV0Yy1zY2FsZWQuanBnIiwic2xpZGVzaG93IjoiYWxsLWI3NTc4NzUifQ%3D%3D\">\n\t\t\t\t\t<div class=\"e-gallery-image elementor-gallery-item__image\" data-thumbnail=\"https:\/\/kumite.lt\/wp-content\/uploads\/2021\/12\/martial-art-2021-09-01-18-45-10-utc-scaled.jpg\" data-width=\"2560\" data-height=\"1709\" alt=\"\" ><\/div>\n\t\t\t\t\t\t\t\t\t\t\t<div class=\"elementor-gallery-item__overlay\"><\/div>\n\t\t\t\t\t\t\t\t\t\t\t\t\t\t<\/a>\n\t\t\t\t\t<\/div>\n\t\t\t<\/div>\n\t\t\t\t<\/div>\n\t\t\t\t\t\t<\/div>\n\t\t\t\t\t<\/div>\n\t\t<\/div>\n\t\t\t\t\t\t\t\t<\/div>\n\t\t\t\t\t<\/div>\n\t\t<\/section>\n\t\t\t\t\t\t<\/div>\n\t\t\t\t\t\t<\/div>\n\t\t\t\t\t<\/div>\n\t\t","protected":false},"excerpt":{"rendered":"<p>Pasiekimai Norbertas Lisauskas Daugkartinis Lietuvos vaik\u0173, jauni\u0173, jaunimo, suaugusi\u0173j\u0173 \u010dempionas ir prizininkas. Europos jauni\u0173 vice\u010dempionas. Europos jaunimo vice\u010dempionas. Pasaulio \u010dempionato V-VIII vietos laim\u0117tojas. Art\u016bras \u010cekanavi\u010dius: 2012 m. U22 Europos Shinkyokushin Karate \u010dempionas 2012 m. Lietuvos Kyokushin Karate Jaunimo \u010cempionas 2013 m. Lietuvos Kyokushin Karate Taur\u0117s Var\u017eyb\u0173 \u010cempionas Benas \u010cekanavi\u010dius: 2017 m. Open Belgian Shinkyokushin Full [&hellip;]<\/p>\n","protected":false},"author":1,"featured_media":0,"parent":0,"menu_order":0,"comment_status":"closed","ping_status":"closed","template":"elementor_header_footer","meta":{"footnotes":""},"class_list":["post-14","page","type-page","status-publish","hentry","entry"],"_links":{"self":[{"href":"https:\/\/kumite.lt\/index.php\/wp-json\/wp\/v2\/pages\/14","targetHints":{"allow":["GET"]}}],"collection":[{"href":"https:\/\/kumite.lt\/index.php\/wp-json\/wp\/v2\/pages"}],"about":[{"href":"https:\/\/kumite.lt\/index.php\/wp-json\/wp\/v2\/types\/page"}],"author":[{"embeddable":true,"href":"https:\/\/kumite.lt\/index.php\/wp-json\/wp\/v2\/users\/1"}],"replies":[{"embeddable":true,"href":"https:\/\/kumite.lt\/index.php\/wp-json\/wp\/v2\/comments?post=14"}],"version-history":[{"count":10,"href":"https:\/\/kumite.lt\/index.php\/wp-json\/wp\/v2\/pages\/14\/revisions"}],"predecessor-version":[{"id":515,"href":"https:\/\/kumite.lt\/index.php\/wp-json\/wp\/v2\/pages\/14\/revisions\/515"}],"wp:attachment":[{"href":"https:\/\/kumite.lt\/index.php\/wp-json\/wp\/v2\/media?parent=14"}],"curies":[{"name":"wp","href":"https:\/\/api.w.org\/{rel}","templated":true}]}}